{"id":2473,"date":"2024-01-04T08:06:20","date_gmt":"2024-01-04T08:06:20","guid":{"rendered":"https:\/\/www.fokus-mb-sro.cz\/klasterweb\/?page_id=2473"},"modified":"2026-04-28T04:30:47","modified_gmt":"2026-04-28T04:30:47","slug":"stravovani","status":"publish","type":"page","link":"https:\/\/www.fokus-mb-sro.cz\/klasterweb\/stravovani\/","title":{"rendered":"Stravov\u00e1n\u00ed"},"content":{"rendered":"\n<style>\n.kapka-blob-fotka-vpravo.carousel2 {\nmin-height: 250px;\n    max-height: 90%; \/* Zajist\u011bte, \u017ee v\u00fd\u0161ka nep\u0159es\u00e1hne 200px *\/\n}\n\n<\/style>\n\n\n\n<div class=\"wp-block-columns has-background-color has-text-color has-link-color wp-elements-fa1bc58278ca2fbf78138783787422c0 is-layout-flex wp-container-core-columns-is-layout-28f84493 wp-block-columns-is-layout-flex\">\n<div class=\"wp-block-column is-vertically-aligned-top has-background-color has-text-color has-link-color wp-elements-aa1f2c19e999dbb70dc608dee462afd9 is-layout-flow wp-block-column-is-layout-flow\" style=\"flex-basis:50%\">\n<div class=\"wp-block-cover is-light has-parallax kapka-blob-doleva-sekce\" style=\"min-height:677px;aspect-ratio:unset;\" id=\"snidane\"><div class=\"wp-block-cover__image-background wp-image-2508 has-parallax\" style=\"background-position:50% 50%;background-image:url(https:\/\/www.fokus-mb-sro.cz\/klasterweb\/wp-content\/uploads\/2024\/01\/IMG_20231206_085331_087.jpg)\"><\/div><span aria-hidden=\"true\" class=\"wp-block-cover__background has-primary-background-color has-background-dim-80 has-background-dim\"><\/span><div class=\"wp-block-cover__inner-container is-layout-constrained wp-block-cover-is-layout-constrained\">\n<h2 class=\"wp-block-heading has-text-align-center nadpis-blob text-snidane has-background-color has-text-color has-link-color has-large-font-size wp-elements-b8829b7495003fce3f20b6740e2f764c\" id=\"snidanova-menu\">Sn\u00edda\u0148ov\u00e1 menu<\/h2>\n\n\n\n<div style=\"height:34px\" aria-hidden=\"true\" class=\"wp-block-spacer\"><\/div>\n\n\n\n<hr class=\"wp-block-separator has-text-color has-background-color has-alpha-channel-opacity has-background-background-color has-background oddelovac-snidane\" style=\"margin-top:0;margin-bottom:0\"\/>\n\n\n\n<div style=\"height:34px\" aria-hidden=\"true\" class=\"wp-block-spacer\"><\/div>\n\n\n\n<div class=\"wp-block-group text-snidane has-background-color has-text-color has-link-color wp-elements-793cda437d859d0298a03d44506104f4 is-layout-constrained wp-block-group-is-layout-constrained\">\n<p><strong><mark style=\"background-color:rgba(0, 0, 0, 0)\" class=\"has-inline-color has-background-color\">V na\u0161em kl\u00e1\u0161te\u0159e V\u00e1m nab\u00edz\u00edme kontinent\u00e1ln\u00ed sn\u00eddani<\/mark>, kter\u00e1 je formou \u0161v\u00e9dsk\u00fdch stol\u016f, kde si vybere i&nbsp;vegetari\u00e1n. <\/strong>Oblo\u017een\u00e9 m\u00edsy, zelenina, ovoce, sladk\u00e1 ka\u0161e, granola, vaj\u00ed\u010dka a&nbsp;dom\u00e1c\u00ed sladk\u00e9 pe\u010divo nebo pala\u010dinky.<br><br>K tomuto typu sn\u00eddan\u011b jsou k&nbsp;dispozici <strong>tepl\u00e9 i&nbsp;studen\u00e9 n\u00e1poje<\/strong>.<\/p>\n\n\n\n<p><br><strong><em>Cena: 170,-\/osoba<\/em><\/strong><br><\/p>\n\n\n\n<div style=\"height:34px\" aria-hidden=\"true\" class=\"wp-block-spacer\"><\/div>\n\n\n\n<hr class=\"wp-block-separator has-text-color has-background-color has-alpha-channel-opacity has-background-background-color has-background oddelovac-snidane\" style=\"margin-top:0;margin-bottom:0\"\/>\n\n\n\n<div style=\"height:34px\" aria-hidden=\"true\" class=\"wp-block-spacer\"><\/div>\n\n\n\n<p>\u010cas pod\u00e1v\u00e1n\u00ed sn\u00eddan\u011b je podle&nbsp;va\u0161ich po\u017eadavk\u016f.<br><\/p>\n\n\n\n<p><strong>Objedn\u00e1n\u00ed sn\u00eddan\u011b je mo\u017en\u00e9 pouze pro&nbsp;skupiny 15 a&nbsp;v\u00edce osob.<\/strong><br><\/p>\n<\/div>\n<\/div><\/div>\n<\/div>\n\n\n\n<div class=\"wp-block-column is-layout-flow wp-block-column-is-layout-flow\" style=\"flex-basis:50%\">\n<div class=\"wp-block-cover is-light kapka-blob-fotka-vpravo carousel2\" style=\"min-height:50px;aspect-ratio:unset;\"><span aria-hidden=\"true\" class=\"wp-block-cover__background has-primary-background-color has-background-dim-100 has-background-dim\"><\/span><div class=\"wp-block-cover__inner-container is-layout-flow wp-block-cover-is-layout-flow\">\n<div class=\"wp-block-group carousel is-layout-constrained wp-block-group-is-layout-constrained\"><div class=\"carousel-slider-outer carousel-slider-outer-image-carousel carousel-slider-outer-2494 swiper navigation-visibility-always navigation-position-inside pagination-visibility-never pagination-shape-circle pagination-align-center\" style=\"--carousel-slider-nav-color:rgb(16,179,179);--carousel-slider-active-nav-color:rgb(255,255,255);--carousel-slider-arrow-size:72px;--carousel-slider-bullet-size:10px;--swiper-theme-color:rgb(16,179,179);--swiper-navigation-size:72px;--swiper-pagination-bullet-size:10px\">\n<div id=\"&#039;id-2494\" class=\"carousel-slider carousel-slider-2494 arrows-visibility-always dots-visibility-never arrows-inside dots-center dots-circle swiper-wrapper\" data-slide-type=\"image-carousel\" data-swiper='{\"navigation\":{\"nextEl\":\".swiper-button-next\",\"prevEl\":\".swiper-button-prev\"},\"pagination\":false,\"direction\":\"horizontal\",\"loop\":true,\"slidesOffsetBefore\":0,\"slidesOffsetAfter\":0,\"speed\":500,\"spaceBetween\":2,\"slidesPerView\":1,\"breakpoints\":{\"300\":{\"slidesPerView\":1},\"576\":{\"slidesPerView\":1},\"768\":{\"slidesPerView\":1},\"1024\":{\"slidesPerView\":1},\"1280\":{\"slidesPerView\":1},\"1536\":{\"slidesPerView\":1}},\"lazy\":{\"loadPrevNext\":true},\"preloadImages\":false}'>\n<div class=\"swiper-slide\"><div class=\"carousel-slider__item\">\n\t<img decoding=\"async\" src=\"https:\/\/www.fokus-mb-sro.cz\/klasterweb\/wp-content\/uploads\/2024\/01\/1.jpg\" loading=\"lazy\" alt=\"\"><\/a><div class=\"swiper-lazy-preloader swiper-lazy-preloader-white\"><\/div><\/div>\n<\/div>\n<div class=\"swiper-slide\"><div class=\"carousel-slider__item\">\n\t<img decoding=\"async\" src=\"https:\/\/www.fokus-mb-sro.cz\/klasterweb\/wp-content\/uploads\/2024\/01\/4.jpg\" loading=\"lazy\" alt=\"\"><\/a><div class=\"swiper-lazy-preloader swiper-lazy-preloader-white\"><\/div><\/div>\n<\/div>\n<div class=\"swiper-slide\"><div class=\"carousel-slider__item\">\n\t<img decoding=\"async\" src=\"https:\/\/www.fokus-mb-sro.cz\/klasterweb\/wp-content\/uploads\/2024\/01\/IMG_20231206_083209_327-1.jpg\" loading=\"lazy\" alt=\"\"><\/a><div class=\"swiper-lazy-preloader swiper-lazy-preloader-white\"><\/div><\/div>\n<\/div>\n<div class=\"swiper-slide\"><div class=\"carousel-slider__item\">\n\t<img decoding=\"async\" src=\"https:\/\/www.fokus-mb-sro.cz\/klasterweb\/wp-content\/uploads\/2024\/01\/IMG_20231206_083321_612.jpg\" loading=\"lazy\" alt=\"\"><\/a><div class=\"swiper-lazy-preloader swiper-lazy-preloader-white\"><\/div><\/div>\n<\/div>\n<div class=\"swiper-slide\"><div class=\"carousel-slider__item\">\n\t<img decoding=\"async\" src=\"https:\/\/www.fokus-mb-sro.cz\/klasterweb\/wp-content\/uploads\/2024\/01\/2-1536x1178.jpg\" loading=\"lazy\" alt=\"\"><\/a><div class=\"swiper-lazy-preloader swiper-lazy-preloader-white\"><\/div><\/div>\n<\/div>\n<div class=\"swiper-slide\"><div class=\"carousel-slider__item\">\n\t<img decoding=\"async\" src=\"https:\/\/www.fokus-mb-sro.cz\/klasterweb\/wp-content\/uploads\/2024\/01\/3-1.jpg\" loading=\"lazy\" alt=\"\"><\/a><div class=\"swiper-lazy-preloader swiper-lazy-preloader-white\"><\/div><\/div>\n<\/div>\n<div class=\"swiper-slide\"><div class=\"carousel-slider__item\">\n\t<img decoding=\"async\" src=\"https:\/\/www.fokus-mb-sro.cz\/klasterweb\/wp-content\/uploads\/2024\/01\/IMG_20231206_084025_338.jpg\" loading=\"lazy\" alt=\"\"><\/a><div class=\"swiper-lazy-preloader swiper-lazy-preloader-white\"><\/div><\/div>\n<\/div>\n<div class=\"swiper-slide\"><div class=\"carousel-slider__item\">\n\t<img decoding=\"async\" src=\"https:\/\/www.fokus-mb-sro.cz\/klasterweb\/wp-content\/uploads\/2024\/01\/IMG_20231206_085331_087.jpg\" loading=\"lazy\" alt=\"\"><\/a><div class=\"swiper-lazy-preloader swiper-lazy-preloader-white\"><\/div><\/div>\n<\/div>\n<\/div><!-- .carousel-slider-2494 -->\n<div class=\"swiper-button-prev\"><\/div><div class=\"swiper-button-next\"><\/div><\/div><!-- .carousel-slider-outer-2494 -->\n\n<\/div>\n<\/div><\/div>\n<\/div>\n<\/div>\n\n\n\n<div style=\"height:34px\" aria-hidden=\"true\" class=\"wp-block-spacer\"><\/div>\n\n\n\n<div class=\"wp-block-cover is-light kapka-blob-kontakt-footer text-snidane has-foreground-color has-text-color has-link-color wp-elements-cbab622416413d0481df7f826c773a22\" style=\"border-style:none;border-width:0px;margin-top:0;margin-bottom:0;min-height:363px;aspect-ratio:unset;\"><span aria-hidden=\"true\" class=\"wp-block-cover__background has-primary-background-color has-background-dim-80 has-background-dim\"><\/span><div class=\"wp-block-cover__inner-container is-layout-constrained wp-block-cover-is-layout-constrained\">\n<h2 class=\"wp-block-heading has-text-align-center text-snidane has-background-color has-text-color has-link-color has-large-font-size wp-elements-e54c60b76e690cd22357a66443cf0835\" id=\"zajisteni-obedu\">Mo\u017enost objedn\u00e1n\u00ed ob\u011bd\u016f<\/h2>\n\n\n\n<div style=\"height:34px\" aria-hidden=\"true\" class=\"wp-block-spacer\"><\/div>\n\n\n\n<hr class=\"wp-block-separator has-text-color has-background-color has-alpha-channel-opacity has-background-background-color has-background\"\/>\n\n\n\n<div style=\"height:34px\" aria-hidden=\"true\" class=\"wp-block-spacer\"><\/div>\n\n\n\n<div class=\"wp-block-group text-snidane is-layout-constrained wp-block-group-is-layout-constrained\">\n<p class=\"has-text-align-center text-snidane has-background-color has-text-color has-link-color wp-elements-814c3123e27a5a21766bf1da6058dc1a\">Nab\u00eddka ob\u011bd\u016f je mo\u017en\u00e1 p\u0159es&nbsp;na\u0161eho extern\u00edho kucha\u0159e Michala Volfa, kter\u00fd va\u0159\u00ed klasickou kuchyni s&nbsp;mo\u017enost\u00ed vegan &#8211; vegetari\u00e1n.<\/p>\n<\/div>\n\n\n\n<div style=\"height:23px\" aria-hidden=\"true\" class=\"wp-block-spacer\"><\/div>\n\n\n\n<hr class=\"wp-block-separator has-text-color has-background-color has-alpha-channel-opacity has-background-background-color has-background\"\/>\n\n\n\n<div style=\"height:23px\" aria-hidden=\"true\" class=\"wp-block-spacer\"><\/div>\n\n\n\n<h2 class=\"wp-block-heading has-text-align-center text-snidane has-background-color has-text-color has-link-color has-large-font-size wp-elements-26c5279881d3e603809a049bdfdab6c0\">M\u00e1te z\u00e1jem o&nbsp;zaji\u0161t\u011bn\u00ed ob\u011bd\u016f?<\/h2>\n\n\n\n<div style=\"height:34px\" aria-hidden=\"true\" class=\"wp-block-spacer\"><\/div>\n\n\n\n<hr class=\"wp-block-separator has-text-color has-background-color has-alpha-channel-opacity has-background-background-color has-background\"\/>\n\n\n\n<div style=\"height:34px\" aria-hidden=\"true\" class=\"wp-block-spacer\"><\/div>\n\n\n\n<div class=\"wp-block-group is-layout-constrained wp-block-group-is-layout-constrained\">\n<h3 class=\"wp-block-heading has-text-align-center text-snidane has-background-color has-text-color has-link-color has-medium-font-size wp-elements-32cfa49a295178b98ab7949a3fc1c8c2\">Kontaktujte n\u00e1s:<br><br><\/h3>\n\n\n\n<p class=\"has-text-align-center text-snidane has-background-color has-text-color has-link-color wp-elements-737907bdecabe316a7faf94bde61fa11\" style=\"font-size:16px\">Lenka Honcov\u00e1, vedouc\u00ed provozu, <br><a href=\"tel:775562070\">775 562 070<\/a>, <a href=\"&#109;a&#x69;l&#x74;o&#x3a;&#104;&#x6f;&#110;&#x63;&#111;v&#x61;&#64;&#x66;o&#x6b;&#117;&#x73;&#45;&#x6d;&#98;&#x2e;&#99;z\">h&#111;&#110;&#x63;&#x6f;&#x76;a&#64;&#102;&#x6f;&#x6b;&#x75;s-&#109;&#x62;&#x2e;&#x63;z<\/a><br><br>Andrea Strakov\u00e1, DiS., pracovn\u00ed terapeut, <br><a href=\"tel:775562029\">775 562 029<\/a>, <a href=\"&#x6d;&#97;i&#x6c;&#116;o&#x3a;&#115;t&#x72;&#97;k&#x6f;&#118;a&#x40;&#x66;o&#x6b;&#x75;&#115;&#x2d;&#x6d;&#98;&#x2e;&#x63;&#122;\">&#x73;&#x74;&#114;&#97;ko&#x76;&#x61;&#x40;&#102;ok&#x75;&#x73;&#x2d;&#109;&#98;&#46;&#x63;&#x7a;<\/a>  <\/p>\n<\/div>\n\n\n\n<div style=\"height:34px\" aria-hidden=\"true\" class=\"wp-block-spacer\"><\/div>\n\n\n\n<hr class=\"wp-block-separator has-text-color has-background-color has-alpha-channel-opacity has-background-background-color has-background\"\/>\n\n\n\n<div style=\"height:34px\" aria-hidden=\"true\" class=\"wp-block-spacer\"><\/div>\n\n\n\n<p class=\"has-text-align-center has-background-color has-text-color has-link-color wp-elements-c26ac4547a0286fedfd40c5a67744f49\"><br><\/p>\n\n\n\n<div class=\"wp-block-group is-layout-constrained wp-block-group-is-layout-constrained\">\n<p class=\"has-text-align-center text-snidane has-background-color has-text-color has-link-color wp-elements-096d31ec7e8d02f630bc4e407aff2553\" style=\"font-size:16px\"><strong>Objednat si je m\u016f\u017eete nejpozd\u011bji m\u011bs\u00edc p\u0159ed&nbsp;Va\u0161\u00edm pobytem.<\/strong><\/p>\n<\/div>\n<\/div><\/div>\n","protected":false},"excerpt":{"rendered":"","protected":false},"author":1,"featured_media":3623,"parent":0,"menu_order":0,"comment_status":"closed","ping_status":"closed","template":"","meta":{"footnotes":""},"class_list":["post-2473","page","type-page","status-publish","has-post-thumbnail","hentry"],"yoast_head":"<!-- This site is optimized with the Yoast SEO plugin v27.5 - https:\/\/yoast.com\/product\/yoast-seo-wordpress\/ -->\n<title>Ubytov&aacute;n&iacute; Kapuc&iacute;nsk&yacute; kl&aacute;&scaron;ter Mnichovo Hradi&scaron;t\u011b - Stravov\u00e1n\u00ed<\/title>\n<meta name=\"description\" content=\"Informace o mo\u017enostech sn\u00eddan\u00ed a objedn\u00e1v\u00e1n\u00ed ob\u011bd\u016f pro ubytovan\u00e9 v Kapuc\u00ednsk\u00e9m Kl\u00e1\u0161te\u0159e v Mnichov\u011b Hradi\u0161ti.\" \/>\n<meta name=\"robots\" content=\"index, follow, max-snippet:-1, max-image-preview:large, max-video-preview:-1\" \/>\n<link rel=\"canonical\" href=\"https:\/\/www.fokus-mb-sro.cz\/klasterweb\/stravovani\/\" \/>\n<meta property=\"og:locale\" content=\"cs_CZ\" \/>\n<meta property=\"og:type\" content=\"article\" \/>\n<meta property=\"og:title\" content=\"Ubytov&aacute;n&iacute; Kapuc&iacute;nsk&yacute; kl&aacute;&scaron;ter Mnichovo Hradi&scaron;t\u011b - Stravov\u00e1n\u00ed\" \/>\n<meta property=\"og:description\" content=\"Informace o mo\u017enostech sn\u00eddan\u00ed a objedn\u00e1v\u00e1n\u00ed ob\u011bd\u016f pro ubytovan\u00e9 v Kapuc\u00ednsk\u00e9m Kl\u00e1\u0161te\u0159e v Mnichov\u011b Hradi\u0161ti.\" \/>\n<meta property=\"og:url\" content=\"https:\/\/www.fokus-mb-sro.cz\/klasterweb\/stravovani\/\" \/>\n<meta property=\"og:site_name\" content=\"Ubytov&aacute;n&iacute; Kapuc&iacute;nsk&yacute; kl&aacute;&scaron;ter Mnichovo Hradi&scaron;t\u011b\" \/>\n<meta property=\"article:publisher\" content=\"https:\/\/www.facebook.com\/fokusmbklaster\" \/>\n<meta property=\"article:modified_time\" content=\"2026-04-28T04:30:47+00:00\" \/>\n<meta property=\"og:image\" content=\"https:\/\/www.fokus-mb-sro.cz\/klasterweb\/wp-content\/uploads\/2024\/11\/KLAST-jidlo.jpg\" \/>\n\t<meta property=\"og:image:width\" content=\"1000\" \/>\n\t<meta property=\"og:image:height\" content=\"556\" \/>\n\t<meta property=\"og:image:type\" content=\"image\/jpeg\" \/>\n<meta name=\"twitter:card\" content=\"summary_large_image\" \/>\n<meta name=\"twitter:label1\" content=\"Odhadovan\u00e1 doba \u010dten\u00ed\" \/>\n\t<meta name=\"twitter:data1\" content=\"1 minuta\" \/>\n<script type=\"application\/ld+json\" class=\"yoast-schema-graph\">{\"@context\":\"https:\\\/\\\/schema.org\",\"@graph\":[{\"@type\":\"WebPage\",\"@id\":\"https:\\\/\\\/www.fokus-mb-sro.cz\\\/klasterweb\\\/stravovani\\\/\",\"url\":\"https:\\\/\\\/www.fokus-mb-sro.cz\\\/klasterweb\\\/stravovani\\\/\",\"name\":\"Ubytov&aacute;n&iacute; Kapuc&iacute;nsk&yacute; kl&aacute;&scaron;ter Mnichovo Hradi&scaron;t\u011b - Stravov\u00e1n\u00ed\",\"isPartOf\":{\"@id\":\"https:\\\/\\\/www.fokus-mb-sro.cz\\\/klasterweb\\\/#website\"},\"primaryImageOfPage\":{\"@id\":\"https:\\\/\\\/www.fokus-mb-sro.cz\\\/klasterweb\\\/stravovani\\\/#primaryimage\"},\"image\":{\"@id\":\"https:\\\/\\\/www.fokus-mb-sro.cz\\\/klasterweb\\\/stravovani\\\/#primaryimage\"},\"thumbnailUrl\":\"https:\\\/\\\/www.fokus-mb-sro.cz\\\/klasterweb\\\/wp-content\\\/uploads\\\/2024\\\/11\\\/KLAST-jidlo.jpg\",\"datePublished\":\"2024-01-04T08:06:20+00:00\",\"dateModified\":\"2026-04-28T04:30:47+00:00\",\"description\":\"Informace o mo\u017enostech sn\u00eddan\u00ed a objedn\u00e1v\u00e1n\u00ed ob\u011bd\u016f pro ubytovan\u00e9 v Kapuc\u00ednsk\u00e9m Kl\u00e1\u0161te\u0159e v Mnichov\u011b Hradi\u0161ti.\",\"breadcrumb\":{\"@id\":\"https:\\\/\\\/www.fokus-mb-sro.cz\\\/klasterweb\\\/stravovani\\\/#breadcrumb\"},\"inLanguage\":\"cs\",\"potentialAction\":[{\"@type\":\"ReadAction\",\"target\":[\"https:\\\/\\\/www.fokus-mb-sro.cz\\\/klasterweb\\\/stravovani\\\/\"]}]},{\"@type\":\"ImageObject\",\"inLanguage\":\"cs\",\"@id\":\"https:\\\/\\\/www.fokus-mb-sro.cz\\\/klasterweb\\\/stravovani\\\/#primaryimage\",\"url\":\"https:\\\/\\\/www.fokus-mb-sro.cz\\\/klasterweb\\\/wp-content\\\/uploads\\\/2024\\\/11\\\/KLAST-jidlo.jpg\",\"contentUrl\":\"https:\\\/\\\/www.fokus-mb-sro.cz\\\/klasterweb\\\/wp-content\\\/uploads\\\/2024\\\/11\\\/KLAST-jidlo.jpg\",\"width\":1000,\"height\":556},{\"@type\":\"BreadcrumbList\",\"@id\":\"https:\\\/\\\/www.fokus-mb-sro.cz\\\/klasterweb\\\/stravovani\\\/#breadcrumb\",\"itemListElement\":[{\"@type\":\"ListItem\",\"position\":1,\"name\":\"Dom\u016f\",\"item\":\"https:\\\/\\\/www.fokus-mb-sro.cz\\\/klasterweb\\\/\"},{\"@type\":\"ListItem\",\"position\":2,\"name\":\"Stravov\u00e1n\u00ed\"}]},{\"@type\":\"WebSite\",\"@id\":\"https:\\\/\\\/www.fokus-mb-sro.cz\\\/klasterweb\\\/#website\",\"url\":\"https:\\\/\\\/www.fokus-mb-sro.cz\\\/klasterweb\\\/\",\"name\":\"Kapuc\u00ednsk\u00fd kl\u00e1\u0161ter Mnichovo Hradi\u0161t\u011b\",\"description\":\"Ubytovac&iacute; a kulturn&iacute; z&aacute;zem&iacute; v malebn&eacute; \u010d&aacute;sti okraje Mnichova Hradi&scaron;t\u011b.\",\"publisher\":{\"@id\":\"https:\\\/\\\/www.fokus-mb-sro.cz\\\/klasterweb\\\/#organization\"},\"alternateName\":\"Kapuc\u00ednsk\u00fd Kl\u00e1\u0161ter MH\",\"potentialAction\":[{\"@type\":\"SearchAction\",\"target\":{\"@type\":\"EntryPoint\",\"urlTemplate\":\"https:\\\/\\\/www.fokus-mb-sro.cz\\\/klasterweb\\\/?s={search_term_string}\"},\"query-input\":{\"@type\":\"PropertyValueSpecification\",\"valueRequired\":true,\"valueName\":\"search_term_string\"}}],\"inLanguage\":\"cs\"},{\"@type\":\"Organization\",\"@id\":\"https:\\\/\\\/www.fokus-mb-sro.cz\\\/klasterweb\\\/#organization\",\"name\":\"Fokus MB s.r.o.\",\"alternateName\":\"Fokus MB\",\"url\":\"https:\\\/\\\/www.fokus-mb-sro.cz\\\/klasterweb\\\/\",\"logo\":{\"@type\":\"ImageObject\",\"inLanguage\":\"cs\",\"@id\":\"https:\\\/\\\/www.fokus-mb-sro.cz\\\/klasterweb\\\/#\\\/schema\\\/logo\\\/image\\\/\",\"url\":\"https:\\\/\\\/www.fokus-mb-sro.cz\\\/klasterweb\\\/wp-content\\\/uploads\\\/2025\\\/04\\\/fokusmbsro-googlesearch.jpg\",\"contentUrl\":\"https:\\\/\\\/www.fokus-mb-sro.cz\\\/klasterweb\\\/wp-content\\\/uploads\\\/2025\\\/04\\\/fokusmbsro-googlesearch.jpg\",\"width\":512,\"height\":512,\"caption\":\"Fokus MB s.r.o.\"},\"image\":{\"@id\":\"https:\\\/\\\/www.fokus-mb-sro.cz\\\/klasterweb\\\/#\\\/schema\\\/logo\\\/image\\\/\"},\"sameAs\":[\"https:\\\/\\\/www.facebook.com\\\/fokusmbklaster\",\"https:\\\/\\\/www.instagram.com\\\/kapucinskyklastermh\\\/\"]}]}<\/script>\n<!-- \/ Yoast SEO plugin. -->","yoast_head_json":{"title":"Ubytov&aacute;n&iacute; Kapuc&iacute;nsk&yacute; kl&aacute;&scaron;ter Mnichovo Hradi&scaron;t\u011b - Stravov\u00e1n\u00ed","description":"Informace o mo\u017enostech sn\u00eddan\u00ed a objedn\u00e1v\u00e1n\u00ed ob\u011bd\u016f pro ubytovan\u00e9 v Kapuc\u00ednsk\u00e9m Kl\u00e1\u0161te\u0159e v Mnichov\u011b Hradi\u0161ti.","robots":{"index":"index","follow":"follow","max-snippet":"max-snippet:-1","max-image-preview":"max-image-preview:large","max-video-preview":"max-video-preview:-1"},"canonical":"https:\/\/www.fokus-mb-sro.cz\/klasterweb\/stravovani\/","og_locale":"cs_CZ","og_type":"article","og_title":"Ubytov&aacute;n&iacute; Kapuc&iacute;nsk&yacute; kl&aacute;&scaron;ter Mnichovo Hradi&scaron;t\u011b - Stravov\u00e1n\u00ed","og_description":"Informace o mo\u017enostech sn\u00eddan\u00ed a objedn\u00e1v\u00e1n\u00ed ob\u011bd\u016f pro ubytovan\u00e9 v Kapuc\u00ednsk\u00e9m Kl\u00e1\u0161te\u0159e v Mnichov\u011b Hradi\u0161ti.","og_url":"https:\/\/www.fokus-mb-sro.cz\/klasterweb\/stravovani\/","og_site_name":"Ubytov&aacute;n&iacute; Kapuc&iacute;nsk&yacute; kl&aacute;&scaron;ter Mnichovo Hradi&scaron;t\u011b","article_publisher":"https:\/\/www.facebook.com\/fokusmbklaster","article_modified_time":"2026-04-28T04:30:47+00:00","og_image":[{"width":1000,"height":556,"url":"https:\/\/www.fokus-mb-sro.cz\/klasterweb\/wp-content\/uploads\/2024\/11\/KLAST-jidlo.jpg","type":"image\/jpeg"}],"twitter_card":"summary_large_image","twitter_misc":{"Odhadovan\u00e1 doba \u010dten\u00ed":"1 minuta"},"schema":{"@context":"https:\/\/schema.org","@graph":[{"@type":"WebPage","@id":"https:\/\/www.fokus-mb-sro.cz\/klasterweb\/stravovani\/","url":"https:\/\/www.fokus-mb-sro.cz\/klasterweb\/stravovani\/","name":"Ubytov&aacute;n&iacute; Kapuc&iacute;nsk&yacute; kl&aacute;&scaron;ter Mnichovo Hradi&scaron;t\u011b - Stravov\u00e1n\u00ed","isPartOf":{"@id":"https:\/\/www.fokus-mb-sro.cz\/klasterweb\/#website"},"primaryImageOfPage":{"@id":"https:\/\/www.fokus-mb-sro.cz\/klasterweb\/stravovani\/#primaryimage"},"image":{"@id":"https:\/\/www.fokus-mb-sro.cz\/klasterweb\/stravovani\/#primaryimage"},"thumbnailUrl":"https:\/\/www.fokus-mb-sro.cz\/klasterweb\/wp-content\/uploads\/2024\/11\/KLAST-jidlo.jpg","datePublished":"2024-01-04T08:06:20+00:00","dateModified":"2026-04-28T04:30:47+00:00","description":"Informace o mo\u017enostech sn\u00eddan\u00ed a objedn\u00e1v\u00e1n\u00ed ob\u011bd\u016f pro ubytovan\u00e9 v Kapuc\u00ednsk\u00e9m Kl\u00e1\u0161te\u0159e v Mnichov\u011b Hradi\u0161ti.","breadcrumb":{"@id":"https:\/\/www.fokus-mb-sro.cz\/klasterweb\/stravovani\/#breadcrumb"},"inLanguage":"cs","potentialAction":[{"@type":"ReadAction","target":["https:\/\/www.fokus-mb-sro.cz\/klasterweb\/stravovani\/"]}]},{"@type":"ImageObject","inLanguage":"cs","@id":"https:\/\/www.fokus-mb-sro.cz\/klasterweb\/stravovani\/#primaryimage","url":"https:\/\/www.fokus-mb-sro.cz\/klasterweb\/wp-content\/uploads\/2024\/11\/KLAST-jidlo.jpg","contentUrl":"https:\/\/www.fokus-mb-sro.cz\/klasterweb\/wp-content\/uploads\/2024\/11\/KLAST-jidlo.jpg","width":1000,"height":556},{"@type":"BreadcrumbList","@id":"https:\/\/www.fokus-mb-sro.cz\/klasterweb\/stravovani\/#breadcrumb","itemListElement":[{"@type":"ListItem","position":1,"name":"Dom\u016f","item":"https:\/\/www.fokus-mb-sro.cz\/klasterweb\/"},{"@type":"ListItem","position":2,"name":"Stravov\u00e1n\u00ed"}]},{"@type":"WebSite","@id":"https:\/\/www.fokus-mb-sro.cz\/klasterweb\/#website","url":"https:\/\/www.fokus-mb-sro.cz\/klasterweb\/","name":"Kapuc\u00ednsk\u00fd kl\u00e1\u0161ter Mnichovo Hradi\u0161t\u011b","description":"Ubytovac&iacute; a kulturn&iacute; z&aacute;zem&iacute; v malebn&eacute; \u010d&aacute;sti okraje Mnichova Hradi&scaron;t\u011b.","publisher":{"@id":"https:\/\/www.fokus-mb-sro.cz\/klasterweb\/#organization"},"alternateName":"Kapuc\u00ednsk\u00fd Kl\u00e1\u0161ter MH","potentialAction":[{"@type":"SearchAction","target":{"@type":"EntryPoint","urlTemplate":"https:\/\/www.fokus-mb-sro.cz\/klasterweb\/?s={search_term_string}"},"query-input":{"@type":"PropertyValueSpecification","valueRequired":true,"valueName":"search_term_string"}}],"inLanguage":"cs"},{"@type":"Organization","@id":"https:\/\/www.fokus-mb-sro.cz\/klasterweb\/#organization","name":"Fokus MB s.r.o.","alternateName":"Fokus MB","url":"https:\/\/www.fokus-mb-sro.cz\/klasterweb\/","logo":{"@type":"ImageObject","inLanguage":"cs","@id":"https:\/\/www.fokus-mb-sro.cz\/klasterweb\/#\/schema\/logo\/image\/","url":"https:\/\/www.fokus-mb-sro.cz\/klasterweb\/wp-content\/uploads\/2025\/04\/fokusmbsro-googlesearch.jpg","contentUrl":"https:\/\/www.fokus-mb-sro.cz\/klasterweb\/wp-content\/uploads\/2025\/04\/fokusmbsro-googlesearch.jpg","width":512,"height":512,"caption":"Fokus MB s.r.o."},"image":{"@id":"https:\/\/www.fokus-mb-sro.cz\/klasterweb\/#\/schema\/logo\/image\/"},"sameAs":["https:\/\/www.facebook.com\/fokusmbklaster","https:\/\/www.instagram.com\/kapucinskyklastermh\/"]}]}},"_links":{"self":[{"href":"https:\/\/www.fokus-mb-sro.cz\/klasterweb\/wp-json\/wp\/v2\/pages\/2473","targetHints":{"allow":["GET"]}}],"collection":[{"href":"https:\/\/www.fokus-mb-sro.cz\/klasterweb\/wp-json\/wp\/v2\/pages"}],"about":[{"href":"https:\/\/www.fokus-mb-sro.cz\/klasterweb\/wp-json\/wp\/v2\/types\/page"}],"author":[{"embeddable":true,"href":"https:\/\/www.fokus-mb-sro.cz\/klasterweb\/wp-json\/wp\/v2\/users\/1"}],"replies":[{"embeddable":true,"href":"https:\/\/www.fokus-mb-sro.cz\/klasterweb\/wp-json\/wp\/v2\/comments?post=2473"}],"version-history":[{"count":176,"href":"https:\/\/www.fokus-mb-sro.cz\/klasterweb\/wp-json\/wp\/v2\/pages\/2473\/revisions"}],"predecessor-version":[{"id":4036,"href":"https:\/\/www.fokus-mb-sro.cz\/klasterweb\/wp-json\/wp\/v2\/pages\/2473\/revisions\/4036"}],"wp:featuredmedia":[{"embeddable":true,"href":"https:\/\/www.fokus-mb-sro.cz\/klasterweb\/wp-json\/wp\/v2\/media\/3623"}],"wp:attachment":[{"href":"https:\/\/www.fokus-mb-sro.cz\/klasterweb\/wp-json\/wp\/v2\/media?parent=2473"}],"curies":[{"name":"wp","href":"https:\/\/api.w.org\/{rel}","templated":true}]}}