{"id":90,"date":"2024-08-08T05:50:36","date_gmt":"2024-08-08T05:50:36","guid":{"rendered":"https:\/\/www.fokus-mb-sro.cz\/zahradaweb\/?page_id=90"},"modified":"2025-10-22T05:46:41","modified_gmt":"2025-10-22T05:46:41","slug":"kontakt","status":"publish","type":"page","link":"https:\/\/www.fokus-mb-sro.cz\/zahradaweb\/kontakt\/","title":{"rendered":"Kontakt"},"content":{"rendered":"\n<div class=\"wp-block-group skupiny-whitebg has-global-padding is-layout-constrained wp-container-core-group-is-layout-7a3688e9 wp-block-group-is-layout-constrained\">\n<h2 class=\"wp-block-heading has-text-align-center\" id=\"adresa\">Adresa:<\/h2>\n\n\n\n<p class=\"has-text-align-center\">N\u00e1dra\u017en\u00ed 174<br>Mlad\u00e1 Boleslav 293 01<\/p>\n\n\n\n<p class=\"has-text-align-center\"><strong>Mapa (a z\u00e1rove\u0148 odkaz na Google mapy):<\/strong><\/p>\n\n\n\n<style>\n.mapa-kdejsou {\nborder-radius: 1vw;\nborder: 2px dotted #aaaaaa;\noverflow: hidden !important;\n}\n<\/style>\n\n\n\n<figure class=\"wp-block-image aligncenter size-full mapa-kdejsou\"><a href=\"https:\/\/maps.app.goo.gl\/uPAQCbuKL32tXGEn8\"><img loading=\"lazy\" decoding=\"async\" width=\"946\" height=\"708\" src=\"https:\/\/www.fokus-mb-sro.cz\/zahradaweb\/wp-content\/uploads\/2024\/08\/nadrazni-mapa.jpg\" alt=\"\" class=\"wp-image-671\" style=\"object-fit:cover\" srcset=\"https:\/\/www.fokus-mb-sro.cz\/zahradaweb\/wp-content\/uploads\/2024\/08\/nadrazni-mapa.jpg 946w, https:\/\/www.fokus-mb-sro.cz\/zahradaweb\/wp-content\/uploads\/2024\/08\/nadrazni-mapa-300x225.jpg 300w, https:\/\/www.fokus-mb-sro.cz\/zahradaweb\/wp-content\/uploads\/2024\/08\/nadrazni-mapa-768x575.jpg 768w\" sizes=\"auto, (max-width: 946px) 100vw, 946px\" \/><\/a><\/figure>\n<\/div>\n\n\n\n<div style=\"height:2.5vw\" aria-hidden=\"true\" class=\"wp-block-spacer\"><\/div>\n\n\n\n<hr class=\"wp-block-separator has-alpha-channel-opacity linka-zaklad\"\/>\n\n\n\n<div style=\"height:2.5vw\" aria-hidden=\"true\" class=\"wp-block-spacer\"><\/div>\n\n\n\n<div class=\"wp-block-group skupiny-whitebg has-global-padding is-layout-constrained wp-container-core-group-is-layout-7a3688e9 wp-block-group-is-layout-constrained\">\n<h2 class=\"wp-block-heading has-text-align-center\" id=\"kontaktni-osoby\">Kontaktn\u00ed osoby:<\/h2>\n\n\n\n<p class=\"has-text-align-center\"><strong>Andrea Hulov\u00e1<\/strong><br><a href=\"tel:775562080\">775 562 080<\/a><br><a href=\"&#x6d;&#97;i&#x6c;&#116;o&#x3a;&#x68;&#117;&#x6c;&#x6f;&#118;a&#x32;&#64;f&#x6f;&#x6b;&#117;&#x73;&#x2d;&#109;b&#x2e;&#99;z\">&#x68;&#x75;&#x6c;&#x6f;&#x76;&#x61;&#x32;&#x40;&#x66;&#x6f;&#x6b;&#x75;&#x73;&#x2d;&#x6d;&#x62;&#x2e;&#x63;&#x7a;<\/a><\/p>\n\n\n\n<p class=\"has-text-align-center\"><strong>Ad\u00e9la Hr\u016f\u0161ov\u00e1<\/strong><br><a href=\"tel:775562007\">775 562 007<\/a><br><a href=\"m&#97;&#105;&#x6c;&#x74;&#x6f;&#x3a;h&#114;&#117;&#115;&#x6f;&#x76;&#x61;&#64;f&#111;&#107;&#x75;&#x73;&#x2d;mb&#46;&#99;&#x7a;\">hr&#117;&#115;&#111;&#x76;&#x61;&#x40;&#x66;&#x6f;ku&#115;&#45;&#109;&#x62;&#x2e;&#x63;&#x7a;<\/a><\/p>\n\n\n\n<p class=\"has-text-align-center\"><strong>Petr Kov\u00e1\u0159<\/strong><br><a href=\"tel:775562079\">775 562 079<\/a><br><a href=\"&#x6d;&#x61;&#105;&#108;to&#x3a;&#x6b;&#x6f;&#118;ar&#x40;&#x66;&#x6f;&#107;&#117;s&#x2d;&#x6d;&#x62;&#46;&#99;z\">&#107;&#x6f;v&#x61;&#x72;&#64;&#x66;o&#x6b;&#x75;&#115;&#x2d;m&#x62;&#x2e;&#99;&#x7a;<\/a><\/p>\n<\/div>\n\n\n\n<div style=\"height:2.5vw\" aria-hidden=\"true\" class=\"wp-block-spacer\"><\/div>\n\n\n\n<hr class=\"wp-block-separator has-alpha-channel-opacity linka-zaklad\"\/>\n\n\n\n<div style=\"height:5vw\" aria-hidden=\"true\" class=\"wp-block-spacer\"><\/div>\n\n\n\n<div class=\"wp-block-group kontaktni-formular has-global-padding is-layout-constrained wp-container-core-group-is-layout-7a3688e9 wp-block-group-is-layout-constrained\">\n<h2 class=\"wp-block-heading has-text-align-center\" id=\"kontaktni-formular\">Kontaktn\u00ed formul\u00e1\u0159<\/h2>\n\n\n\n<p class=\"has-text-align-center\">V p\u0159\u00edpad\u011b z\u00e1jmu n\u00e1s nev\u00e1hejte kontaktovat <a href=\"#kontaktni-osoby\">telefonicky<\/a>, <a href=\"#kontaktni-osoby\">mailem<\/a>, nebo touto formou.<\/p>\n\n\n<style id=\"wpforms-css-vars-101\">\n\t\t\t\t#wpforms-101 {\n\t\t\t\t\n\t\t\t}\n\t\t\t<\/style><div class=\"wpforms-container wpforms-container-full wpforms-render-modern\" id=\"wpforms-101\"><form id=\"wpforms-form-101\" class=\"wpforms-validate wpforms-form wpforms-ajax-form\" data-formid=\"101\" method=\"post\" enctype=\"multipart\/form-data\" action=\"\/zahradaweb\/wp-json\/wp\/v2\/pages\/90\" data-token=\"ae9af73659962daf94fa532a950b0266\" data-token-time=\"1777576647\"><noscript class=\"wpforms-error-noscript\">Chcete-li vyplnit tento formul\u00e1\u0159, pros\u00edm povolte v prohl\u00ed\u017ee\u010di JavaScript.<\/noscript><div id=\"wpforms-error-noscript\" style=\"display: none;\">Chcete-li vyplnit tento formul\u00e1\u0159, pros\u00edm povolte v prohl\u00ed\u017ee\u010di JavaScript.<\/div><div class=\"wpforms-field-container\"><div id=\"wpforms-101-field_0-container\" class=\"wpforms-field wpforms-field-name\" data-field-id=\"0\"><fieldset><legend class=\"wpforms-field-label\">Jm\u00e9no a p\u0159\u00edjmen\u00ed <span class=\"wpforms-required-label\" aria-hidden=\"true\">*<\/span><\/legend><div class=\"wpforms-field-row wpforms-field-medium\"><div class=\"wpforms-field-row-block wpforms-first wpforms-one-half\"><input type=\"text\" id=\"wpforms-101-field_0\" class=\"wpforms-field-name-first wpforms-field-required\" name=\"wpforms[fields][0][first]\" aria-errormessage=\"wpforms-101-field_0-error\" required><label for=\"wpforms-101-field_0\" class=\"wpforms-field-sublabel after\">K\u0159estn\u00ed jm\u00e9no<\/label><\/div><div class=\"wpforms-field-row-block wpforms-one-half\"><input type=\"text\" id=\"wpforms-101-field_0-last\" class=\"wpforms-field-name-last wpforms-field-required\" name=\"wpforms[fields][0][last]\" aria-errormessage=\"wpforms-101-field_0-last-error\" required><label for=\"wpforms-101-field_0-last\" class=\"wpforms-field-sublabel after\">P\u0159\u00edjmen\u00ed<\/label><\/div><\/div><\/fieldset><\/div><div id=\"wpforms-101-field_1-container\" class=\"wpforms-field wpforms-field-email\" data-field-id=\"1\"><label class=\"wpforms-field-label\" for=\"wpforms-101-field_1\">E-mail <span class=\"wpforms-required-label\" aria-hidden=\"true\">*<\/span><\/label><input type=\"email\" id=\"wpforms-101-field_1\" class=\"wpforms-field-medium wpforms-field-required\" name=\"wpforms[fields][1]\" spellcheck=\"false\" aria-errormessage=\"wpforms-101-field_1-error\" required><\/div><div id=\"wpforms-101-field_4-container\" class=\"wpforms-field wpforms-field-text\" data-field-id=\"4\"><label class=\"wpforms-field-label\" for=\"wpforms-101-field_4\">Telefon <span class=\"wpforms-required-label\" aria-hidden=\"true\">*<\/span><\/label><input type=\"text\" id=\"wpforms-101-field_4\" class=\"wpforms-field-small wpforms-field-required wpforms-limit-characters-enabled\" data-form-id=\"101\" data-field-id=\"4\" data-text-limit=\"9\" name=\"wpforms[fields][4]\" aria-errormessage=\"wpforms-101-field_4-error\" maxlength=\"9\" required><\/div><div id=\"wpforms-101-field_2-container\" class=\"wpforms-field wpforms-field-textarea\" data-field-id=\"2\"><label class=\"wpforms-field-label\" for=\"wpforms-101-field_2\">Va\u0161e zpr\u00e1va<\/label><textarea id=\"wpforms-101-field_2\" class=\"wpforms-field-medium\" name=\"wpforms[fields][2]\" aria-errormessage=\"wpforms-101-field_2-error\" ><\/textarea><\/div><\/div><!-- .wpforms-field-container --><div class=\"wpforms-recaptcha-container wpforms-is-hcaptcha\" ><div class=\"h-captcha\" data-sitekey=\"da30e834-4f96-4d66-801e-4b726080e7cc\"><\/div><input type=\"text\" name=\"g-recaptcha-hidden\" class=\"wpforms-recaptcha-hidden\" style=\"position:absolute!important;clip:rect(0,0,0,0)!important;height:1px!important;width:1px!important;border:0!important;overflow:hidden!important;padding:0!important;margin:0!important;\" data-rule-hcaptcha=\"1\"><\/div><div class=\"wpforms-submit-container\" ><input type=\"hidden\" name=\"wpforms[id]\" value=\"101\"><input type=\"hidden\" name=\"page_title\" value=\"\"><input type=\"hidden\" name=\"page_url\" value=\"https:\/\/www.fokus-mb-sro.cz\/zahradaweb\/wp-json\/wp\/v2\/pages\/90\"><input type=\"hidden\" name=\"url_referer\" value=\"\"><button type=\"submit\" name=\"wpforms[submit]\" id=\"wpforms-submit-101\" class=\"wpforms-submit kontakt-odeslat-button\" data-alt-text=\"Odes\u00edl\u00e1n\u00ed...\" data-submit-text=\"Odeslat\" aria-live=\"assertive\" value=\"wpforms-submit\">Odeslat<\/button><img loading=\"lazy\" decoding=\"async\" src=\"https:\/\/www.fokus-mb-sro.cz\/zahradaweb\/wp-content\/plugins\/wpforms-lite\/assets\/images\/submit-spin.svg\" class=\"wpforms-submit-spinner\" style=\"display: none;\" width=\"26\" height=\"26\" alt=\"Na\u010d\u00edt\u00e1n\u00ed\"><\/div><\/form><\/div>  <!-- .wpforms-container -->\n<\/div>\n\n\n\n<div style=\"height:2.5vw\" aria-hidden=\"true\" class=\"wp-block-spacer\"><\/div>\n\n\n\n<hr class=\"wp-block-separator has-alpha-channel-opacity linka-zaklad\"\/>\n\n\n\n<div style=\"height:5vw\" aria-hidden=\"true\" class=\"wp-block-spacer mezeraspod\"><\/div>\n\n\n\n<div style=\"height:5vw\" aria-hidden=\"true\" class=\"wp-block-spacer mezeraspod\"><\/div>\n","protected":false},"excerpt":{"rendered":"<p>Adresa: N\u00e1dra\u017en\u00ed 174Mlad\u00e1 Boleslav 293 01 Mapa (a z\u00e1rove\u0148 odkaz na Google mapy): Kontaktn\u00ed osoby: Andrea Hulov\u00e1775 562 080h&#117;&#108;&#x6f;&#x76;&#x61;&#x32;&#64;&#102;&#111;&#107;&#x75;&#x73;&#x2d;mb&#46;&#99;&#x7a; Ad\u00e9la Hr\u016f\u0161ov\u00e1775 562 007&#x68;&#114;&#x75;&#x73;&#111;&#x76;&#x61;&#64;&#x66;&#x6f;&#107;&#x75;&#x73;-&#x6d;&#x62;&#46;&#x63;&#122; Petr Kov\u00e1\u0159775 562 079&#x6b;o&#x76;&#97;r&#x40;&#102;&#x6f;&#x6b;u&#x73;&#45;m&#x62;&#46;&#x63;&#122; Kontaktn\u00ed formul\u00e1\u0159 V p\u0159\u00edpad\u011b z\u00e1jmu n\u00e1s nev\u00e1hejte kontaktovat telefonicky, mailem, nebo touto formou.<\/p>\n","protected":false},"author":1,"featured_media":710,"parent":0,"menu_order":4,"comment_status":"closed","ping_status":"closed","template":"","meta":{"footnotes":""},"class_list":["post-90","page","type-page","status-publish","has-post-thumbnail","hentry"],"yoast_head":"<!-- This site is optimized with the Yoast SEO plugin v27.5 - https:\/\/yoast.com\/product\/yoast-seo-wordpress\/ -->\n<title>Kontakt - Zahrada - Fokus MB s.r.o.<\/title>\n<meta name=\"description\" content=\"Zahrada - Fokus MB s.r.o. \u2013 kontaktujte n\u00e1s ohledn\u011b \u00fadr\u017eby prostor \u010di zahradnick\u00fdch prac\u00ed.\" \/>\n<meta name=\"robots\" content=\"index, follow, max-snippet:-1, max-image-preview:large, max-video-preview:-1\" \/>\n<link rel=\"canonical\" href=\"https:\/\/www.fokus-mb-sro.cz\/zahradaweb\/kontakt\/\" \/>\n<meta property=\"og:locale\" content=\"cs_CZ\" \/>\n<meta property=\"og:type\" content=\"article\" \/>\n<meta property=\"og:title\" content=\"Kontakt - Zahrada - Fokus MB s.r.o.\" \/>\n<meta property=\"og:description\" content=\"Zahrada - Fokus MB s.r.o. \u2013 kontaktujte n\u00e1s ohledn\u011b \u00fadr\u017eby prostor \u010di zahradnick\u00fdch prac\u00ed.\" \/>\n<meta property=\"og:url\" content=\"https:\/\/www.fokus-mb-sro.cz\/zahradaweb\/kontakt\/\" \/>\n<meta property=\"og:site_name\" content=\"Fokus MB s.r.o. &ndash; Zahrada\" \/>\n<meta property=\"article:publisher\" content=\"https:\/\/www.facebook.com\/fokusmbsro\/\" \/>\n<meta property=\"article:modified_time\" content=\"2025-10-22T05:46:41+00:00\" \/>\n<meta property=\"og:image\" content=\"https:\/\/www.fokus-mb-sro.cz\/zahradaweb\/wp-content\/uploads\/2024\/11\/ZAHR.jpg\" \/>\n\t<meta property=\"og:image:width\" content=\"1000\" \/>\n\t<meta property=\"og:image:height\" content=\"556\" \/>\n\t<meta property=\"og:image:type\" content=\"image\/jpeg\" \/>\n<meta name=\"twitter:card\" content=\"summary_large_image\" \/>\n<meta name=\"twitter:label1\" content=\"Odhadovan\u00e1 doba \u010dten\u00ed\" \/>\n\t<meta name=\"twitter:data1\" content=\"1 minuta\" \/>\n<script type=\"application\/ld+json\" class=\"yoast-schema-graph\">{\"@context\":\"https:\\\/\\\/schema.org\",\"@graph\":[{\"@type\":\"WebPage\",\"@id\":\"https:\\\/\\\/www.fokus-mb-sro.cz\\\/zahradaweb\\\/kontakt\\\/\",\"url\":\"https:\\\/\\\/www.fokus-mb-sro.cz\\\/zahradaweb\\\/kontakt\\\/\",\"name\":\"Kontakt - Zahrada - Fokus MB s.r.o.\",\"isPartOf\":{\"@id\":\"https:\\\/\\\/www.fokus-mb-sro.cz\\\/zahradaweb\\\/#website\"},\"primaryImageOfPage\":{\"@id\":\"https:\\\/\\\/www.fokus-mb-sro.cz\\\/zahradaweb\\\/kontakt\\\/#primaryimage\"},\"image\":{\"@id\":\"https:\\\/\\\/www.fokus-mb-sro.cz\\\/zahradaweb\\\/kontakt\\\/#primaryimage\"},\"thumbnailUrl\":\"https:\\\/\\\/www.fokus-mb-sro.cz\\\/zahradaweb\\\/wp-content\\\/uploads\\\/2024\\\/11\\\/ZAHR.jpg\",\"datePublished\":\"2024-08-08T05:50:36+00:00\",\"dateModified\":\"2025-10-22T05:46:41+00:00\",\"description\":\"Zahrada - Fokus MB s.r.o. \u2013 kontaktujte n\u00e1s ohledn\u011b \u00fadr\u017eby prostor \u010di zahradnick\u00fdch prac\u00ed.\",\"breadcrumb\":{\"@id\":\"https:\\\/\\\/www.fokus-mb-sro.cz\\\/zahradaweb\\\/kontakt\\\/#breadcrumb\"},\"inLanguage\":\"cs\",\"potentialAction\":[{\"@type\":\"ReadAction\",\"target\":[\"https:\\\/\\\/www.fokus-mb-sro.cz\\\/zahradaweb\\\/kontakt\\\/\"]}]},{\"@type\":\"ImageObject\",\"inLanguage\":\"cs\",\"@id\":\"https:\\\/\\\/www.fokus-mb-sro.cz\\\/zahradaweb\\\/kontakt\\\/#primaryimage\",\"url\":\"https:\\\/\\\/www.fokus-mb-sro.cz\\\/zahradaweb\\\/wp-content\\\/uploads\\\/2024\\\/11\\\/ZAHR.jpg\",\"contentUrl\":\"https:\\\/\\\/www.fokus-mb-sro.cz\\\/zahradaweb\\\/wp-content\\\/uploads\\\/2024\\\/11\\\/ZAHR.jpg\",\"width\":1000,\"height\":556},{\"@type\":\"BreadcrumbList\",\"@id\":\"https:\\\/\\\/www.fokus-mb-sro.cz\\\/zahradaweb\\\/kontakt\\\/#breadcrumb\",\"itemListElement\":[{\"@type\":\"ListItem\",\"position\":1,\"name\":\"Dom\u016f\",\"item\":\"https:\\\/\\\/www.fokus-mb-sro.cz\\\/zahradaweb\\\/\"},{\"@type\":\"ListItem\",\"position\":2,\"name\":\"Kontakt\"}]},{\"@type\":\"WebSite\",\"@id\":\"https:\\\/\\\/www.fokus-mb-sro.cz\\\/zahradaweb\\\/#website\",\"url\":\"https:\\\/\\\/www.fokus-mb-sro.cz\\\/zahradaweb\\\/\",\"name\":\"Fokus MB s.r.o. \u2013 Zahrada\",\"description\":\"\",\"publisher\":{\"@id\":\"https:\\\/\\\/www.fokus-mb-sro.cz\\\/zahradaweb\\\/#organization\"},\"alternateName\":\"Fokus MB s.r.o. \u2013 Zahrada\",\"potentialAction\":[{\"@type\":\"SearchAction\",\"target\":{\"@type\":\"EntryPoint\",\"urlTemplate\":\"https:\\\/\\\/www.fokus-mb-sro.cz\\\/zahradaweb\\\/?s={search_term_string}\"},\"query-input\":{\"@type\":\"PropertyValueSpecification\",\"valueRequired\":true,\"valueName\":\"search_term_string\"}}],\"inLanguage\":\"cs\"},{\"@type\":\"Organization\",\"@id\":\"https:\\\/\\\/www.fokus-mb-sro.cz\\\/zahradaweb\\\/#organization\",\"name\":\"Fokus MB s.r.o.\",\"alternateName\":\"Fokus MB\",\"url\":\"https:\\\/\\\/www.fokus-mb-sro.cz\\\/zahradaweb\\\/\",\"logo\":{\"@type\":\"ImageObject\",\"inLanguage\":\"cs\",\"@id\":\"https:\\\/\\\/www.fokus-mb-sro.cz\\\/zahradaweb\\\/#\\\/schema\\\/logo\\\/image\\\/\",\"url\":\"https:\\\/\\\/www.fokus-mb-sro.cz\\\/zahradaweb\\\/wp-content\\\/uploads\\\/2025\\\/04\\\/fokusmbsro-googlesearch.jpg\",\"contentUrl\":\"https:\\\/\\\/www.fokus-mb-sro.cz\\\/zahradaweb\\\/wp-content\\\/uploads\\\/2025\\\/04\\\/fokusmbsro-googlesearch.jpg\",\"width\":512,\"height\":512,\"caption\":\"Fokus MB s.r.o.\"},\"image\":{\"@id\":\"https:\\\/\\\/www.fokus-mb-sro.cz\\\/zahradaweb\\\/#\\\/schema\\\/logo\\\/image\\\/\"},\"sameAs\":[\"https:\\\/\\\/www.facebook.com\\\/fokusmbsro\\\/\",\"https:\\\/\\\/www.instagram.com\\\/fokusmbsro\\\/\"]}]}<\/script>\n<!-- \/ Yoast SEO plugin. -->","yoast_head_json":{"title":"Kontakt - Zahrada - Fokus MB s.r.o.","description":"Zahrada - Fokus MB s.r.o. \u2013 kontaktujte n\u00e1s ohledn\u011b \u00fadr\u017eby prostor \u010di zahradnick\u00fdch prac\u00ed.","robots":{"index":"index","follow":"follow","max-snippet":"max-snippet:-1","max-image-preview":"max-image-preview:large","max-video-preview":"max-video-preview:-1"},"canonical":"https:\/\/www.fokus-mb-sro.cz\/zahradaweb\/kontakt\/","og_locale":"cs_CZ","og_type":"article","og_title":"Kontakt - Zahrada - Fokus MB s.r.o.","og_description":"Zahrada - Fokus MB s.r.o. \u2013 kontaktujte n\u00e1s ohledn\u011b \u00fadr\u017eby prostor \u010di zahradnick\u00fdch prac\u00ed.","og_url":"https:\/\/www.fokus-mb-sro.cz\/zahradaweb\/kontakt\/","og_site_name":"Fokus MB s.r.o. &ndash; Zahrada","article_publisher":"https:\/\/www.facebook.com\/fokusmbsro\/","article_modified_time":"2025-10-22T05:46:41+00:00","og_image":[{"width":1000,"height":556,"url":"https:\/\/www.fokus-mb-sro.cz\/zahradaweb\/wp-content\/uploads\/2024\/11\/ZAHR.jpg","type":"image\/jpeg"}],"twitter_card":"summary_large_image","twitter_misc":{"Odhadovan\u00e1 doba \u010dten\u00ed":"1 minuta"},"schema":{"@context":"https:\/\/schema.org","@graph":[{"@type":"WebPage","@id":"https:\/\/www.fokus-mb-sro.cz\/zahradaweb\/kontakt\/","url":"https:\/\/www.fokus-mb-sro.cz\/zahradaweb\/kontakt\/","name":"Kontakt - Zahrada - Fokus MB s.r.o.","isPartOf":{"@id":"https:\/\/www.fokus-mb-sro.cz\/zahradaweb\/#website"},"primaryImageOfPage":{"@id":"https:\/\/www.fokus-mb-sro.cz\/zahradaweb\/kontakt\/#primaryimage"},"image":{"@id":"https:\/\/www.fokus-mb-sro.cz\/zahradaweb\/kontakt\/#primaryimage"},"thumbnailUrl":"https:\/\/www.fokus-mb-sro.cz\/zahradaweb\/wp-content\/uploads\/2024\/11\/ZAHR.jpg","datePublished":"2024-08-08T05:50:36+00:00","dateModified":"2025-10-22T05:46:41+00:00","description":"Zahrada - Fokus MB s.r.o. \u2013 kontaktujte n\u00e1s ohledn\u011b \u00fadr\u017eby prostor \u010di zahradnick\u00fdch prac\u00ed.","breadcrumb":{"@id":"https:\/\/www.fokus-mb-sro.cz\/zahradaweb\/kontakt\/#breadcrumb"},"inLanguage":"cs","potentialAction":[{"@type":"ReadAction","target":["https:\/\/www.fokus-mb-sro.cz\/zahradaweb\/kontakt\/"]}]},{"@type":"ImageObject","inLanguage":"cs","@id":"https:\/\/www.fokus-mb-sro.cz\/zahradaweb\/kontakt\/#primaryimage","url":"https:\/\/www.fokus-mb-sro.cz\/zahradaweb\/wp-content\/uploads\/2024\/11\/ZAHR.jpg","contentUrl":"https:\/\/www.fokus-mb-sro.cz\/zahradaweb\/wp-content\/uploads\/2024\/11\/ZAHR.jpg","width":1000,"height":556},{"@type":"BreadcrumbList","@id":"https:\/\/www.fokus-mb-sro.cz\/zahradaweb\/kontakt\/#breadcrumb","itemListElement":[{"@type":"ListItem","position":1,"name":"Dom\u016f","item":"https:\/\/www.fokus-mb-sro.cz\/zahradaweb\/"},{"@type":"ListItem","position":2,"name":"Kontakt"}]},{"@type":"WebSite","@id":"https:\/\/www.fokus-mb-sro.cz\/zahradaweb\/#website","url":"https:\/\/www.fokus-mb-sro.cz\/zahradaweb\/","name":"Fokus MB s.r.o. \u2013 Zahrada","description":"","publisher":{"@id":"https:\/\/www.fokus-mb-sro.cz\/zahradaweb\/#organization"},"alternateName":"Fokus MB s.r.o. \u2013 Zahrada","potentialAction":[{"@type":"SearchAction","target":{"@type":"EntryPoint","urlTemplate":"https:\/\/www.fokus-mb-sro.cz\/zahradaweb\/?s={search_term_string}"},"query-input":{"@type":"PropertyValueSpecification","valueRequired":true,"valueName":"search_term_string"}}],"inLanguage":"cs"},{"@type":"Organization","@id":"https:\/\/www.fokus-mb-sro.cz\/zahradaweb\/#organization","name":"Fokus MB s.r.o.","alternateName":"Fokus MB","url":"https:\/\/www.fokus-mb-sro.cz\/zahradaweb\/","logo":{"@type":"ImageObject","inLanguage":"cs","@id":"https:\/\/www.fokus-mb-sro.cz\/zahradaweb\/#\/schema\/logo\/image\/","url":"https:\/\/www.fokus-mb-sro.cz\/zahradaweb\/wp-content\/uploads\/2025\/04\/fokusmbsro-googlesearch.jpg","contentUrl":"https:\/\/www.fokus-mb-sro.cz\/zahradaweb\/wp-content\/uploads\/2025\/04\/fokusmbsro-googlesearch.jpg","width":512,"height":512,"caption":"Fokus MB s.r.o."},"image":{"@id":"https:\/\/www.fokus-mb-sro.cz\/zahradaweb\/#\/schema\/logo\/image\/"},"sameAs":["https:\/\/www.facebook.com\/fokusmbsro\/","https:\/\/www.instagram.com\/fokusmbsro\/"]}]}},"_links":{"self":[{"href":"https:\/\/www.fokus-mb-sro.cz\/zahradaweb\/wp-json\/wp\/v2\/pages\/90","targetHints":{"allow":["GET"]}}],"collection":[{"href":"https:\/\/www.fokus-mb-sro.cz\/zahradaweb\/wp-json\/wp\/v2\/pages"}],"about":[{"href":"https:\/\/www.fokus-mb-sro.cz\/zahradaweb\/wp-json\/wp\/v2\/types\/page"}],"author":[{"embeddable":true,"href":"https:\/\/www.fokus-mb-sro.cz\/zahradaweb\/wp-json\/wp\/v2\/users\/1"}],"replies":[{"embeddable":true,"href":"https:\/\/www.fokus-mb-sro.cz\/zahradaweb\/wp-json\/wp\/v2\/comments?post=90"}],"version-history":[{"count":53,"href":"https:\/\/www.fokus-mb-sro.cz\/zahradaweb\/wp-json\/wp\/v2\/pages\/90\/revisions"}],"predecessor-version":[{"id":693,"href":"https:\/\/www.fokus-mb-sro.cz\/zahradaweb\/wp-json\/wp\/v2\/pages\/90\/revisions\/693"}],"wp:featuredmedia":[{"embeddable":true,"href":"https:\/\/www.fokus-mb-sro.cz\/zahradaweb\/wp-json\/wp\/v2\/media\/710"}],"wp:attachment":[{"href":"https:\/\/www.fokus-mb-sro.cz\/zahradaweb\/wp-json\/wp\/v2\/media?parent=90"}],"curies":[{"name":"wp","href":"https:\/\/api.w.org\/{rel}","templated":true}]}}